{"id":3694,"date":"2016-04-08T20:47:44","date_gmt":"2016-04-08T18:47:44","guid":{"rendered":"https:\/\/www.maracatu.de\/?page_id=3694"},"modified":"2021-09-22T22:28:26","modified_gmt":"2021-09-22T20:28:26","slug":"gaestebucheintraege-unserer-alten-seite","status":"publish","type":"page","link":"https:\/\/www.maracatu.de\/?page_id=3694","title":{"rendered":"G\u00e4stebucheintr\u00e4ge unserer alten Seite"},"content":{"rendered":"<p><a href=\"https:\/\/www.maracatu.de\/?page_id=995\"><span style=\"text-decoration: underline;\">zur\u00fcck<\/span><\/a><\/p>\n<p>&nbsp;<\/p>\n<p><strong>Hans-J\u00fcrgen, Dezember 2014<br \/>\n<\/strong><br \/>\nHAPPY NEW YEAR<\/p>\n<p>und MARACATU Stern der Elbe<br \/>\nviel Freude und Erfolg bei den Auftritten im neuen Jahr<br \/>\n2015<br \/>\nw\u00fcnscht euch J\u00fcrgen<\/p>\n<p><strong>Michael Beyer, Juli 2014<br \/>\n<\/strong><\/p>\n<p>Freut mich wenn die Bilder gefallen.<br \/>\nNat\u00fcrlich k\u00f6nnt ihr sie auf eurer Seite zeigen.<br \/>\nWeiterhin viel Spass bei euren Auftritten.<br \/>\nMichael<\/p>\n<p><strong>Dirk Iwen, Juni 2014<br \/>\n<\/strong><\/p>\n<p>Vielen Dank, Michael!<br \/>\nDeine Fotos sind super sch\u00f6n. D\u00fcrfen wir sie auch auf unserer Facebook-Seite zeigen?<br \/>\n(mit Angabe Deines Namens)<br \/>\nViele Gr\u00fc\u00dfe,<br \/>\nDirk<\/p>\n<p><strong>Michael Beyer, Mai 2014<br \/>\n<\/strong><\/p>\n<p>Wie toll war das denn letzten Sonnabend auf den Magellan-Terassen in der HafenCity! Vielen Dank f\u00fcr die sch\u00f6ne Performance und weiter so!<br \/>\nMeine besten Fotos findet ihr hier:<br \/>\n<a data-flickr-embed='true' href='https:\/\/www.flickr.com\/photos\/michaelbeyerhamburg\/sets\/72157644764514555\/' title='Maracatu HafenCity Hamburg, Magellan Terassen by michaelbeyer_hh, on Flickr'><img src='https:\/\/live.staticflickr.com\/5153\/14227848641_84fecb86c1.jpg' width='800' height='600' alt='_DSC1925'><\/a><script async src='https:\/\/embedr.flickr.com\/assets\/client-code.js' charset='utf-8'><\/script><\/p>\n<p><strong>david, Mai 2014<br \/>\n<\/strong><\/p>\n<p>sehr sch\u00f6n heute im stadtpark.<br \/>\nmeine tochter war von der musik und den sch\u00f6nen kleider begeistert<\/p>\n<p><strong>Jana, Mai 2013<br \/>\n<\/strong><\/p>\n<p>Vielen Dank f\u00fcr das Erlebnis!<br \/>\nDer Pfirsichweg<\/p>\n<p><strong>Eric, Mai 2013<\/strong><\/p>\n<p>Echt cool, das findet auch mein Freund Timmmmeeee.<\/p>\n<p><strong>Karslon vom Dach, Dezember 2012<\/strong><\/p>\n<p>Ihr seit der weltbeste Maracatu und das sagt ein grosser Geist<\/p>\n<p><strong>Andr\u00e9s, Juli 2012, Portugal<\/strong><\/p>\n<p>VIELE GRUESSE AN DEN GRUENDER EUERER GRUPPE. ALS ER MIR DAMALS VON SEINER IDEE MIT DEM MARACATU ERZAEHLTE, HABE ICH ECHT NICHT GEGLAUBT, DAS ES ANKOMMT UND NOCH WENIGER HABE ICH AN SO LANGES BESTEHEN GEGLAUBT. ALLE ACHTUNG. DA HABE ICH WOHL MIT MEINER VERMUTUNG FALSCH GELEGEN. ICH FIND ES ABER ECHT GUT. MACHT WEIDER SO.<br \/>\nGRUSS<br \/>\nANDRES<\/p>\n<p><strong>Silvia, Juni 2012<\/strong><\/p>\n<p>Hallo liebe Hamburger nebst Hofstaat.<\/p>\n<p>Ich hoffe es geht allen gut und Eure Majest\u00e4t ist wohlauf. Ich freue mich schon riesig auf Euch. Nach Wildungen kann ich Euch nur per Internet sehen. Um so mehr warte ich auf Samba in Coburg.<br \/>\nViele gute w\u00fcnsche und Gr\u00fc\u00dfe aus dem sch\u00f6nen Th\u00fcringer Wald von Eurem gro\u00dfen FAN SILVIA !!!<\/p>\n<p><strong>Renata, April 2012, Brasil<\/strong><\/p>\n<p>Hallo batuqueiros da Nation Stern der Elbe!<br \/>\nSou batuqueira no Maracatu Truv\u00e3o de Porto Alegre desde 2004 e estou indo morar em Hamburgo no segundo semestre. J\u00e1 com muita saudade do meu grupo fico muito feliz em encontrar voc\u00eas, escrevo como um primeiro contato entre muitos, pois em breve e com certeza &#8222;colarei&#8220; a\u00ed em voc\u00eas para continuar esta viv\u00eancia e aprender sempre mais! Ainda estou aprendendo alem\u00e3o, por isso pergunto como est\u00e3o os ensaios, se ser\u00e1 bom que eu d\u00ea um jeito de levar minha alfaia e meu ab\u00ea&#8230; Espero que algu\u00e9m possa ler minha mensagem e portugu\u00eas&#8230; Um grande abra\u00e7o e ax\u00e9!<br \/>\nAdminkommentar:<br \/>\nQuerida Renata,<br \/>\nvoc\u00ea est\u00e1 muito bem vinda aos nossos ensaios que se realizam nas ter\u00e7as a<br \/>\npartir de 17:30h na escola \u201cStadtteilschule am Hafen\u201d na rua \u201cNeust\u00e4dter<br \/>\nStra\u00dfe 60\u201d em Hamburgo.<br \/>\nVoc\u00ea pode trazer os seus proprios instrumentos se for poss\u00edvel ou<br \/>\nempresta-los aqui. Se tiver mais perguntas, pode entrar em contato conosco<br \/>\npor email: &#x6d;a&#x72;&#97;c&#x61;&#116;&#x75;&#x4e;S&#x45;&#64;g&#x6d;&#120;&#x2e;&#100;e.<br \/>\nAbra\u00e7os &amp; at\u00e9 logo,<br \/>\nMaracatu NSE<\/p>\n<p><strong>Tim, M\u00e4rz 2012<br \/>\n<\/strong><\/p>\n<p>Ich finde euch echt total cool. Echt klasse, was ihr da macht<\/p>\n<p><strong>I\u00f1aki, M\u00e4rz 2012, Euskadi<\/strong><\/p>\n<p>MEINE STADT HAT VIEL GEMEINSAMKEITEN VON DER LAGE HER MIT RIO DE JANEIRO UND AUS DIESEM GRUNDE HABE ICH EIN INTERESSE FUER DAS LAND BRASILIEN UND SEINE KULTUR ENTWICKELT UND HABE AUF DIESEN WEGE AUCH EURE SEITE GEFUNDEN. EURE MUSIK HAB AUCH ETWAS MIT UNSEREN BASKISCHEN TAMPORADAS GEMEINSAM.<br \/>\nMUITOS CUMPRIMENTOS DO EUSKADI MANDA I\u00d1AKI<\/p>\n<p><strong>Manfred, Februar 2012<br \/>\n<\/strong><br \/>\nBin auch der selben Meinung wie Thomas. Ich will euch echt man in Aktion erleben. Habe aber nicht viel Gelegenheit nach Hamburg zu fahren.<\/p>\n<p><strong>Thomas, Februar 2012, Belgique<br \/>\n<\/strong><br \/>\nEcht interessant eure &#8222;Nation&#8220;. Ich habe nicht gewusst, dass es so etwas gibt; bin durch Zufall auf Eurer Seite gelandet. Eurer Maracatu ist in meinen Augen ein ganz besonderer Zeitvertreib, na ja man kann sochon fast sagen, es ist mehr, so eine Art Lebenseinstellung. Oder sehe ich das falsch????<\/p>\n<p><strong>gabriele, Juni 2011<br \/>\n<\/strong><\/p>\n<p>Hola batuquieras,<br \/>\nes war sooooo sch\u00f6n, dass Ihr in Berlin gewesen seid&#8230; Hier gibt es was zu sehen<br \/>\nhttp:\/\/r1blog.funtip.de\/roller\/karneval\/category\/1.+Videostream<br \/>\nLiebe Gr\u00fc\u00dfe Gabriele gen. Tippi<\/p>\n<p><strong>Christian, September 2010<\/strong><\/p>\n<p>Habe Euch heute beim festmachen des brasilianischen Schuhlschiffes &#8222;Brasil&#8220; h\u00f6ren und sehen d\u00fcrfen. Gro\u00dfe Klasse, hatte G\u00e4nsehaut ohne Ende! Danke daf\u00fcr<\/p>\n<p><strong>Barbara, September 2010<br \/>\n<\/strong><br \/>\nLiebe Stern der Elbe Maracatus,<br \/>\nes hat mal wieder riesig viel Spa\u00df gemacht mit Euch zu trommeln. Stamp mit euch war traumhaft. Hoffe auf baldige Wiederholung in K\u00f6ln&#8230;Hamburg oder sonstwo&#8230;.ein herzliches tumaracatu aus K\u00f6ln von Barbara<\/p>\n<p><strong>Susanne, September 2010<\/strong><\/p>\n<p>Hallo liebe Trommler\/innen,<br \/>\nes war wieder sehr sch\u00f6n, Euch erlebt zu haben, diesmal beim Stamp-Festival in Altona. Sonst traf ich Euch beim Festival der Kulturen, was es leider nicht mehr gibt. Direkt vor mir bliebt ihr stehen und ich konnte Euch sch\u00f6n lange genie\u00dfen. Fange jetzt auch mit dem Samba-Trommeln an!! Bis hoffentlich bald mal wieder!<\/p>\n<p><strong>Victoria, September 2010<br \/>\n<\/strong><br \/>\nHey liebe Maracat\u00fa Nation Stern der Elbe, vielen Dank f\u00fcr einen sch\u00f6nen Zusammentanz bei den Night- und STAMP-Paraden auf dem STAMP-Festival in Hamburg. Das hat soooo viel Spa\u00df gemacht, in einem K\u00f6nigshof mit ganz viel positiver Energie zu tanzen.<br \/>\nViele liebe Gr\u00fc\u00dfe von T\u00e4nzerinen der Grupo Nag\u00f3 aus K\u00f6ln.<br \/>\nhttps:\/\/www.youtube.com\/watch?v=22obsaa40dI&#038;feature=player_embedded#!<\/p>\n<p><strong>andreas, August 2010, Portugal<\/strong><\/p>\n<p>ganz ganz toles video ich bin intrene gekommen weil ich euch so vermisse maracatu meine freunde nun bin ich auch aelter geworeden und lebe seit september 2003 nicht mehr in hamburg den seit 2003 bin ich in portugal und habe mir ein bauernhof ergater und nun mein lob an die nation stern der elbe<br \/>\nadeus bis bald andreas martins<\/p>\n<p><strong>Eva, Juni 2010<\/strong><\/p>\n<p>Liebe Maracatunsinnen und Maracatunsen!<br \/>\nVielen Dank f\u00fcr die unglaubliche Energie und Unterst\u00fctzung bei dem Auftritt von uns, den Unidosinnen und Unidosen beim Auftritt in Wilhelmsburg.<br \/>\nDie letzte Gruppe bei solchen Auftritten hat es immer am schwersten, weil dann alle schon entweder m\u00fcde oder gar nicht mehr da sind. Um so mehr HUT AB f\u00fcr Euren Tanzeinsatz und die zu sp\u00e4ter Stunde gro\u00dfartige kollegiale Unterst\u00fctzung \ud83d\ude09<br \/>\nGru\u00df Eva&#8230;.<br \/>\nf\u00fcr Unidos de Hamburgo!<\/p>\n<p><strong>Dirk Iwen, Juni 2010<br \/>\n<\/strong><\/p>\n<p>Tolles Video, und sch\u00f6n, dass Du fragst.<br \/>\nvielen Dank!<br \/>\nDirk<\/p>\n<p><strong>Alexander (Hahnimkorb100), Juni 2010<\/strong><\/p>\n<p>Habe Euch gestern auf dem Heiligengeistfeld gefilmt und mit einem Video auf YouTube ver\u00f6ffentlicht.<br \/>\nIch hoffe, dass Ihr damit einverstanden seid ?<br \/>\nGr\u00fc\u00dfe von einem Samba-Fan !<\/p>\n<p><strong>SILVIA, Juni 2010<br \/>\n<\/strong><\/p>\n<p>Hallo meine Lieben,<br \/>\nheute habe ich erst mitbekommen, das Ihr nicht nach Coburg kommt. Schade wir h\u00e4tten Euch auch gern durch die verstopfte Stadt geleitet.<br \/>\nWar schon eine rie\u00dfen Sauerei Euch in den schmalen gassen auftreten zu lassen. Da kann man sich nur daf\u00fcr entschuldigen, obwohl wir nichts mit den Organisationen zu tun haben.<br \/>\nIch glaube Euer Musikfest im Juli wird auch toll, viel Freude dabei. Aber wenn nicht eher, treffen wir uns bestimmt n\u00e4chstes Jahr in Bad Wildungen. Alles Gute ,bis Bald Eure Fans Silvia aus Th\u00fcringen und Werner aus Coburg !!<\/p>\n<p><strong>Mestre Ruy Pessoa, M\u00e4rz 2010, Pernambuco<br \/>\n<\/strong><br \/>\nGistaria de me apresentar, sou artes\u00e3o de ALFAIAS, voc\u00eas poder\u00e3o ver meu trabalho no site:<br \/>\noficinadobarulho.blogspot.com<\/p>\n<p>W\u00fcrde zeigen, dass ich mich vorstelle, ich bin Handwerker ALFAIAS, k\u00f6nnen Sie meine Arbeit finden Sie unter:<br \/>\noficinadobarulho.blogspot.com<br \/>\nSauda\u00e7\u00f5es Ruy Pessoa<\/p>\n<p><strong>Carla, Februar 2010, Carnaval em Olinda 2010<\/strong><\/p>\n<p>Fiquei encantada com a apresenta\u00e7\u00e3o de voc\u00eas neste carnaval em Olinda, um povo muito divertido, simp\u00e1tico al\u00e9m de lindo, gostei de ver&#8230;<br \/>\ncomo fa\u00e7o para ter os contatos????<br \/>\nbeeeijos!<br \/>\nAdminkommentar:<br \/>\n\u00dcbersetzung:<br \/>\nIch war\/wurde verzaubert von Eurer Vorstellung auf diesem Karneval in Olinda, ein vergn\u00fcgtes\/unterhaltsames Volk, nicht nur sch\u00f6n sondern auch sympathisch, es hat mir gefallen, Euch zu sehen&#8230;<br \/>\nwas muss ich machen, um Kontakte zu haben?<br \/>\nK\u00fc\u00fc\u00fcsse!<\/p>\n<p><strong>Stephanie, Februar 2010, Carnaval Olinda 2010<br \/>\n<\/strong><br \/>\n\ufffc I loved Nation Stern Der Elbe&#8217;s Maracatu. Congrats all!<\/p>\n<p><strong>Andreas, November 2009<br \/>\n<\/strong><\/p>\n<p>Hallo ihr Lieben,<br \/>\nauf diesem Wege nochmals vielen lieben Dank an euch, dass ihr auch durch euren Auftritt zu unserer sehr gelungenen 11-Jahres-Feier begetragen habt.<br \/>\nIch hoffe, wir sehen uns bald wieder!!<br \/>\nHerzliche Gr\u00fc\u00dfe<br \/>\nAndreas f\u00fcr Fantasma<\/p>\n<p><strong>Svenja, September 2009<br \/>\n<\/strong><\/p>\n<p>Hallo,<br \/>\nwollte mal liebe gr\u00fc\u00dfe da la\u00dfen von Heinrich K. und Svenja K. von der Schule bei der Katharinen Kirche.<\/p>\n<p><strong>susanne, September 2009<\/strong><\/p>\n<p>Liebe Maracatus, war wieder sch\u00f6n, Eurch auf dem Festival der Kulturen in Hamburg gestern erlebt zu haben. Immer wieder gern! Kommt Ihr auch mal in den Norden??<br \/>\nLiebe Gr\u00fc\u00dfe<br \/>\nSusanne<\/p>\n<p><strong>evi und bernd, September 2009<br \/>\n<\/strong><br \/>\nDanke f\u00fcr einen so sch\u00f6nen Tag gestern in Hamburg beim Karneval der Nationen mit Ihrer herrlich mitrei\u00dfenden Musik und den \u00fcberirdisch sch\u00f6nen Kost\u00fcmen, speziell das m\u00e4rchenhafte K\u00f6nigin-Kost\u00fcm fanden wir hinrei\u00dfend. Jetzt sind wir vom Samba infiziert&#8230; Pure Lebensfreude!<\/p>\n<p>&nbsp;<\/p>\n<p><a href=\"https:\/\/www.maracatu.de\/?page_id=995\"><span style=\"text-decoration: underline;\">zur\u00fcck<\/span><\/a><\/p>\n","protected":false},"excerpt":{"rendered":"<p>zur\u00fcck &nbsp; Hans-J\u00fcrgen, Dezember 2014 HAPPY NEW YEAR und MARACATU Stern der Elbe viel Freude und Erfolg bei den Auftritten im neuen Jahr 2015 w\u00fcnscht euch J\u00fcrgen Michael Beyer, Juli 2014 Freut mich wenn die Bilder gefallen. Nat\u00fcrlich k\u00f6nnt ihr sie auf eurer Seite zeigen. Weiterhin viel Spass bei euren Auftritten. Michael Dirk Iwen, Juni &hellip; <a href=\"https:\/\/www.maracatu.de\/?page_id=3694\" class=\"more-link\"><span class=\"screen-reader-text\">G\u00e4stebucheintr\u00e4ge unserer alten Seite<\/span> weiterlesen <span class=\"meta-nav\">&rarr;<\/span><\/a><\/p>\n","protected":false},"author":13,"featured_media":0,"parent":0,"menu_order":0,"comment_status":"closed","ping_status":"closed","template":"","meta":{"ngg_post_thumbnail":0,"footnotes":""},"class_list":["post-3694","page","type-page","status-publish","hentry"],"_links":{"self":[{"href":"https:\/\/www.maracatu.de\/index.php?rest_route=\/wp\/v2\/pages\/3694","targetHints":{"allow":["GET"]}}],"collection":[{"href":"https:\/\/www.maracatu.de\/index.php?rest_route=\/wp\/v2\/pages"}],"about":[{"href":"https:\/\/www.maracatu.de\/index.php?rest_route=\/wp\/v2\/types\/page"}],"author":[{"embeddable":true,"href":"https:\/\/www.maracatu.de\/index.php?rest_route=\/wp\/v2\/users\/13"}],"replies":[{"embeddable":true,"href":"https:\/\/www.maracatu.de\/index.php?rest_route=%2Fwp%2Fv2%2Fcomments&post=3694"}],"version-history":[{"count":8,"href":"https:\/\/www.maracatu.de\/index.php?rest_route=\/wp\/v2\/pages\/3694\/revisions"}],"predecessor-version":[{"id":6998,"href":"https:\/\/www.maracatu.de\/index.php?rest_route=\/wp\/v2\/pages\/3694\/revisions\/6998"}],"wp:attachment":[{"href":"https:\/\/www.maracatu.de\/index.php?rest_route=%2Fwp%2Fv2%2Fmedia&parent=3694"}],"curies":[{"name":"wp","href":"https:\/\/api.w.org\/{rel}","templated":true}]}}